{"id":666,"date":"2024-11-20T02:26:48","date_gmt":"2024-11-20T02:26:48","guid":{"rendered":"https:\/\/www.yuribuenaventuraoficial.com\/?page_id=666"},"modified":"2025-12-16T04:27:52","modified_gmt":"2025-12-16T04:27:52","slug":"biografia","status":"publish","type":"page","link":"https:\/\/www.yuribuenaventuraoficial.com\/fr\/biografia\/","title":{"rendered":"BIOGRAF\u00cdA"},"content":{"rendered":"<div data-elementor-type=\"wp-page\" data-elementor-id=\"666\" class=\"elementor elementor-666\">\n\t\t\t\t\t\t<section class=\"elementor-section elementor-top-section elementor-element elementor-element-2479ed84 elementor-section-height-min-height elementor-section-items-stretch elementor-section-content-middle elementor-section-boxed elementor-section-height-default wpr-particle-no wpr-jarallax-no wpr-parallax-no wpr-sticky-section-no\" data-id=\"2479ed84\" data-element_type=\"section\" data-e-type=\"section\" data-settings=\"{&quot;background_background&quot;:&quot;classic&quot;}\">\n\t\t\t\t\t\t\t<div class=\"elementor-background-overlay\"><\/div>\n\t\t\t\t\t\t\t<div class=\"elementor-container elementor-column-gap-default\">\n\t\t\t\t\t<div class=\"elementor-column elementor-col-100 elementor-top-column elementor-element elementor-element-6bd68271\" data-id=\"6bd68271\" data-element_type=\"column\" data-e-type=\"column\">\n\t\t\t<div class=\"elementor-widget-wrap elementor-element-populated\">\n\t\t\t\t\t\t<div class=\"elementor-element elementor-element-ab13590 elementor-widget__width-initial elementor-widget-mobile__width-inherit elementor-widget elementor-widget-heading\" data-id=\"ab13590\" data-element_type=\"widget\" data-e-type=\"widget\" data-widget_type=\"heading.default\">\n\t\t\t\t<div class=\"elementor-widget-container\">\n\t\t\t\t\t<h1 class=\"elementor-heading-title elementor-size-default\">BIOGRAPHIE<\/h1>\t\t\t\t<\/div>\n\t\t\t\t<\/div>\n\t\t\t\t\t<\/div>\n\t\t<\/div>\n\t\t\t\t\t<\/div>\n\t\t<\/section>\n\t\t\t\t<section class=\"elementor-section elementor-top-section elementor-element elementor-element-4cffc784 elementor-section-boxed elementor-section-height-default elementor-section-height-default wpr-particle-no wpr-jarallax-no wpr-parallax-no wpr-sticky-section-no\" data-id=\"4cffc784\" data-element_type=\"section\" data-e-type=\"section\" data-settings=\"{&quot;background_background&quot;:&quot;classic&quot;}\">\n\t\t\t\t\t\t<div class=\"elementor-container elementor-column-gap-default\">\n\t\t\t\t\t<div class=\"elementor-column elementor-col-50 elementor-top-column elementor-element elementor-element-2f5e1f8b\" data-id=\"2f5e1f8b\" data-element_type=\"column\" data-e-type=\"column\">\n\t\t\t<div class=\"elementor-widget-wrap elementor-element-populated\">\n\t\t\t\t\t\t<div class=\"elementor-element elementor-element-781a1232 elementor-widget__width-initial elementor-widget elementor-widget-spacer\" data-id=\"781a1232\" data-element_type=\"widget\" data-e-type=\"widget\" data-widget_type=\"spacer.default\">\n\t\t\t\t<div class=\"elementor-widget-container\">\n\t\t\t\t\t\t\t<div class=\"elementor-spacer\">\n\t\t\t<div class=\"elementor-spacer-inner\"><\/div>\n\t\t<\/div>\n\t\t\t\t\t\t<\/div>\n\t\t\t\t<\/div>\n\t\t\t\t<div class=\"elementor-element elementor-element-7c2b8219 elementor-widget elementor-widget-image\" data-id=\"7c2b8219\" data-element_type=\"widget\" data-e-type=\"widget\" data-widget_type=\"image.default\">\n\t\t\t\t<div class=\"elementor-widget-container\">\n\t\t\t\t\t\t\t\t\t\t\t\t\t\t\t<img fetchpriority=\"high\" decoding=\"async\" width=\"678\" height=\"456\" src=\"https:\/\/www.yuribuenaventuraoficial.com\/wp-content\/uploads\/2024\/11\/biography-3.jpg\" class=\"attachment-full size-full wp-image-672\" alt=\"\" srcset=\"https:\/\/www.yuribuenaventuraoficial.com\/wp-content\/uploads\/2024\/11\/biography-3.jpg 678w, https:\/\/www.yuribuenaventuraoficial.com\/wp-content\/uploads\/2024\/11\/biography-3-300x202.jpg 300w, https:\/\/www.yuribuenaventuraoficial.com\/wp-content\/uploads\/2024\/11\/biography-3-18x12.jpg 18w\" sizes=\"(max-width: 678px) 100vw, 678px\" \/>\t\t\t\t\t\t\t\t\t\t\t\t\t\t\t<\/div>\n\t\t\t\t<\/div>\n\t\t\t\t\t<\/div>\n\t\t<\/div>\n\t\t\t\t<div class=\"elementor-column elementor-col-50 elementor-top-column elementor-element elementor-element-4781ab43 elementor-invisible\" data-id=\"4781ab43\" data-element_type=\"column\" data-e-type=\"column\" data-settings=\"{&quot;animation&quot;:&quot;fadeInRight&quot;}\">\n\t\t\t<div class=\"elementor-widget-wrap elementor-element-populated\">\n\t\t\t\t\t\t<div class=\"elementor-element elementor-element-3e0ee511 elementor-widget__width-inherit elementor-widget elementor-widget-heading\" data-id=\"3e0ee511\" data-element_type=\"widget\" data-e-type=\"widget\" data-widget_type=\"heading.default\">\n\t\t\t\t<div class=\"elementor-widget-container\">\n\t\t\t\t\t<h3 class=\"elementor-heading-title elementor-size-default\">Yuri Buenaventura<\/h3>\t\t\t\t<\/div>\n\t\t\t\t<\/div>\n\t\t\t\t<div class=\"elementor-element elementor-element-51cf86e3 elementor-widget elementor-widget-text-editor\" data-id=\"51cf86e3\" data-element_type=\"widget\" data-e-type=\"widget\" data-widget_type=\"text-editor.default\">\n\t\t\t\t<div class=\"elementor-widget-container\">\n\t\t\t\t\t\t\t\t\t<p>Enfant, Yuri est berc\u00e9 par la musique europ\u00e9enne, par les percussions, le marimba et les chants africains qui r\u00e9sonnent sur les plages de son \u00eele natale, Buenaventura.<\/p><p>Son \u0153uvre, marqu\u00e9e par cette polarit\u00e9 entre le lyrisme de l\u2019Europe et les tambours de l\u2019Afrique, est \u00e9galement marqu\u00e9e par l\u2019esprit noir qui l\u2019entoure. En fait, leurs parents ont abrit\u00e9 leur union dans la terre de refuge des marrons. Cela explique pourquoi il se sent si profond\u00e9ment noir.<\/p><p>De la musique noire, Yuri per\u00e7oit l\u2019angoisse, mais une angoisse sublim\u00e9e, exprim\u00e9e avec beaucoup d\u2019amour et de respect pour l\u2019humanit\u00e9. Il ne manquera pas d\u2019inviter ses contemporains \u00e0 \u00e9couter cet amour, transmettant ainsi la force de l\u2019h\u00e9ritage africain.<\/p><p><br \/>La salsa de l\u2019artiste se nourrit de ses d\u00e9couvertes et rencontres musicales : Paco de Lucia, James Brown, Louis Armstrong, Sammy Davis Jr, Nina Simone, Bob Marley\u2026 Avec eux, il comprend que ses propres valeurs vibrent au-del\u00e0 de sa terre. Par cons\u00e9quent, il se sent connect\u00e9 \u00e0 des milliers d\u2019\u00eatres et de sons, \u00e0 la fois avec les Africains et avec les Noirs am\u00e9ricains, avec la musique espagnole, slave et nord-africaine. Il obtient de lui une libert\u00e9 cr\u00e9ative qui le pousse \u00e0 explorer l\u2019universalit\u00e9 des instruments. Plus encore, il passe sa musique devant l\u2019Autre, s\u2019adressant \u00e0 l\u2019humanit\u00e9 qui bat en chacun.<\/p>\t\t\t\t\t\t\t\t<\/div>\n\t\t\t\t<\/div>\n\t\t\t\t\t<\/div>\n\t\t<\/div>\n\t\t\t\t\t<\/div>\n\t\t<\/section>\n\t\t\t\t<section class=\"elementor-section elementor-top-section elementor-element elementor-element-2d9ffb8 elementor-section-boxed elementor-section-height-default elementor-section-height-default wpr-particle-no wpr-jarallax-no wpr-parallax-no wpr-sticky-section-no\" data-id=\"2d9ffb8\" data-element_type=\"section\" data-e-type=\"section\" data-settings=\"{&quot;background_background&quot;:&quot;classic&quot;}\">\n\t\t\t\t\t\t<div class=\"elementor-container elementor-column-gap-default\">\n\t\t\t\t\t<div class=\"elementor-column elementor-col-50 elementor-top-column elementor-element elementor-element-7ced244 elementor-invisible\" data-id=\"7ced244\" data-element_type=\"column\" data-e-type=\"column\" data-settings=\"{&quot;animation&quot;:&quot;fadeInRight&quot;}\">\n\t\t\t<div class=\"elementor-widget-wrap elementor-element-populated\">\n\t\t\t\t\t\t\t<\/div>\n\t\t<\/div>\n\t\t\t\t<div class=\"elementor-column elementor-col-50 elementor-top-column elementor-element elementor-element-d053677\" data-id=\"d053677\" data-element_type=\"column\" data-e-type=\"column\">\n\t\t\t<div class=\"elementor-widget-wrap elementor-element-populated\">\n\t\t\t\t\t\t<div class=\"elementor-element elementor-element-c7147e7 elementor-widget__width-initial elementor-widget elementor-widget-spacer\" data-id=\"c7147e7\" data-element_type=\"widget\" data-e-type=\"widget\" data-widget_type=\"spacer.default\">\n\t\t\t\t<div class=\"elementor-widget-container\">\n\t\t\t\t\t\t\t<div class=\"elementor-spacer\">\n\t\t\t<div class=\"elementor-spacer-inner\"><\/div>\n\t\t<\/div>\n\t\t\t\t\t\t<\/div>\n\t\t\t\t<\/div>\n\t\t\t\t<div class=\"elementor-element elementor-element-9d0d5b1 elementor-widget elementor-widget-image\" data-id=\"9d0d5b1\" data-element_type=\"widget\" data-e-type=\"widget\" data-widget_type=\"image.default\">\n\t\t\t\t<div class=\"elementor-widget-container\">\n\t\t\t\t\t\t\t\t\t\t\t\t\t\t\t<img decoding=\"async\" width=\"685\" height=\"456\" src=\"https:\/\/www.yuribuenaventuraoficial.com\/wp-content\/uploads\/2024\/11\/biography-2.jpg\" class=\"attachment-full size-full wp-image-671\" alt=\"\" srcset=\"https:\/\/www.yuribuenaventuraoficial.com\/wp-content\/uploads\/2024\/11\/biography-2.jpg 685w, https:\/\/www.yuribuenaventuraoficial.com\/wp-content\/uploads\/2024\/11\/biography-2-300x200.jpg 300w, https:\/\/www.yuribuenaventuraoficial.com\/wp-content\/uploads\/2024\/11\/biography-2-18x12.jpg 18w\" sizes=\"(max-width: 685px) 100vw, 685px\" \/>\t\t\t\t\t\t\t\t\t\t\t\t\t\t\t<\/div>\n\t\t\t\t<\/div>\n\t\t\t\t\t<\/div>\n\t\t<\/div>\n\t\t\t\t\t<\/div>\n\t\t<\/section>\n\t\t\t\t<section class=\"elementor-section elementor-top-section elementor-element elementor-element-564d8f2 elementor-reverse-mobile elementor-section-boxed elementor-section-height-default elementor-section-height-default wpr-particle-no wpr-jarallax-no wpr-parallax-no wpr-sticky-section-no\" data-id=\"564d8f2\" data-element_type=\"section\" data-e-type=\"section\" data-settings=\"{&quot;background_background&quot;:&quot;classic&quot;}\">\n\t\t\t\t\t\t<div class=\"elementor-container elementor-column-gap-default\">\n\t\t\t\t\t<div class=\"elementor-column elementor-col-50 elementor-top-column elementor-element elementor-element-f16b34c\" data-id=\"f16b34c\" data-element_type=\"column\" data-e-type=\"column\">\n\t\t\t<div class=\"elementor-widget-wrap elementor-element-populated\">\n\t\t\t\t\t\t<div class=\"elementor-element elementor-element-8382c57 elementor-widget__width-initial elementor-widget elementor-widget-spacer\" data-id=\"8382c57\" data-element_type=\"widget\" data-e-type=\"widget\" data-widget_type=\"spacer.default\">\n\t\t\t\t<div class=\"elementor-widget-container\">\n\t\t\t\t\t\t\t<div class=\"elementor-spacer\">\n\t\t\t<div class=\"elementor-spacer-inner\"><\/div>\n\t\t<\/div>\n\t\t\t\t\t\t<\/div>\n\t\t\t\t<\/div>\n\t\t\t\t<div class=\"elementor-element elementor-element-4fb4587 elementor-widget elementor-widget-image\" data-id=\"4fb4587\" data-element_type=\"widget\" data-e-type=\"widget\" data-widget_type=\"image.default\">\n\t\t\t\t<div class=\"elementor-widget-container\">\n\t\t\t\t\t\t\t\t\t\t\t\t\t\t\t<img decoding=\"async\" width=\"688\" height=\"458\" src=\"https:\/\/www.yuribuenaventuraoficial.com\/wp-content\/uploads\/2024\/11\/biography-1.jpg\" class=\"attachment-full size-full wp-image-670\" alt=\"\" srcset=\"https:\/\/www.yuribuenaventuraoficial.com\/wp-content\/uploads\/2024\/11\/biography-1.jpg 688w, https:\/\/www.yuribuenaventuraoficial.com\/wp-content\/uploads\/2024\/11\/biography-1-300x200.jpg 300w, https:\/\/www.yuribuenaventuraoficial.com\/wp-content\/uploads\/2024\/11\/biography-1-18x12.jpg 18w\" sizes=\"(max-width: 688px) 100vw, 688px\" \/>\t\t\t\t\t\t\t\t\t\t\t\t\t\t\t<\/div>\n\t\t\t\t<\/div>\n\t\t\t\t\t<\/div>\n\t\t<\/div>\n\t\t\t\t<div class=\"elementor-column elementor-col-50 elementor-top-column elementor-element elementor-element-5e0f613 elementor-invisible\" data-id=\"5e0f613\" data-element_type=\"column\" data-e-type=\"column\" data-settings=\"{&quot;animation&quot;:&quot;fadeInRight&quot;}\">\n\t\t\t<div class=\"elementor-widget-wrap elementor-element-populated\">\n\t\t\t\t\t\t<div class=\"elementor-element elementor-element-ce194d8 elementor-widget elementor-widget-text-editor\" data-id=\"ce194d8\" data-element_type=\"widget\" data-e-type=\"widget\" data-widget_type=\"text-editor.default\">\n\t\t\t\t<div class=\"elementor-widget-container\">\n\t\t\t\t\t\t\t\t\t<div><p>La musique de Yuri Buenaventura parcourt la plan\u00e8te, l\u2019emmenant de continent en continent. Ses innombrables voyages l\u2019ouvrent au monde. Ainsi, son album Vagabundo nous apporte des sonorit\u00e9s issues des musiques du monde, montrant la diversit\u00e9 humaine qu\u2019il a pu observer lors de ses tourn\u00e9es internationales. Mais cette multitude de concerts l\u2019\u00e9loigne aussi de sa famille, de son \u00eele et des origines m\u00eames de sa musique. Remontez ensuite \u00e0 la source dans Salsa dura. Il se retire dans son orchestre, cherchant dans ses douze musiciens la force qui lui permettrait d\u2019\u00e9chapper \u00e0 l\u2019agonie de l\u2019industrie musicale. C\u2019est l\u00e0 qu\u2019est n\u00e9 Cita con la luz, sa rencontre avec la lumi\u00e8re. Dans ce manifeste spirituel, Yuri Buenaventura donne pour la premi\u00e8re fois voix \u00e0 son int\u00e9riorit\u00e9 et \u00e0 son individualit\u00e9.<\/p><p>Apr\u00e8s quinze ans de carri\u00e8re, le chanteur revient se ressourcer aupr\u00e8s des siens en Colombie. L\u00e0, il se consacre \u00e0 la promotion de la culture de son pays et s\u2019implique dans des actions sociales destin\u00e9es aux enfants en cr\u00e9ant une fondation.<\/p><p>Apr\u00e8s vingt ans de carri\u00e8re, l\u2019honn\u00eatet\u00e9 de l\u2019artiste est intacte et sa musique est toujours fortement inspir\u00e9e du mouvement afro-carib\u00e9en. En 2015, Yuri Buenaventura sublime son retour au disque avec Paroles, hommage \u00e0 la France, son pays d\u2019adoption. Il y adapte avec son orchestre de salsa les plus belles chansons du patrimoine fran\u00e7ais (Aznavour, Brassens, Ferr\u00e9, Brel, Nougaro, Moustaki,\u2026).<\/p><p>Paroles est un recueil de chansons, qui rassemble diff\u00e9rentes \u00e9poques et pens\u00e9es, que Yuri Buenaventura a voulu associer aux musiques et rythmes qui lui sont chers : Salsa, Mambo, Cha-cha-cha\u2026 Les chansons de cet album sont pas des versions, ce sont des adaptations qui unissent les deux cultures, fran\u00e7aise et latine, l\u00e9gitim\u00e9es par l\u2019exp\u00e9rience de Yuri Buenaventura, figure de proue de la salsa et amoureux de la France. Ce m\u00e9tissage culturel, que Yuri Buenaventura \u00e9voque et d\u00e9fend une fois de plus sur cet album, lui est pr\u00e9cieux.<\/p><\/div><div class=\"columns is-multiline\">\u00a0<\/div>\t\t\t\t\t\t\t\t<\/div>\n\t\t\t\t<\/div>\n\t\t\t\t\t<\/div>\n\t\t<\/div>\n\t\t\t\t\t<\/div>\n\t\t<\/section>\n\t\t\t\t<section class=\"elementor-section elementor-top-section elementor-element elementor-element-a052756 elementor-reverse-mobile elementor-section-boxed elementor-section-height-default elementor-section-height-default wpr-particle-no wpr-jarallax-no wpr-parallax-no wpr-sticky-section-no\" data-id=\"a052756\" data-element_type=\"section\" data-e-type=\"section\" data-settings=\"{&quot;background_background&quot;:&quot;classic&quot;}\">\n\t\t\t\t\t\t<div class=\"elementor-container elementor-column-gap-default\">\n\t\t\t\t\t<div class=\"elementor-column elementor-col-100 elementor-top-column elementor-element elementor-element-a028ea1\" data-id=\"a028ea1\" data-element_type=\"column\" data-e-type=\"column\">\n\t\t\t<div class=\"elementor-widget-wrap elementor-element-populated\">\n\t\t\t\t\t\t<div class=\"elementor-element elementor-element-61aaee3 elementor-widget__width-inherit elementor-widget elementor-widget-heading\" data-id=\"61aaee3\" data-element_type=\"widget\" data-e-type=\"widget\" data-widget_type=\"heading.default\">\n\t\t\t\t<div class=\"elementor-widget-container\">\n\t\t\t\t\t<h3 class=\"elementor-heading-title elementor-size-default\">Dates cles<\/h3>\t\t\t\t<\/div>\n\t\t\t\t<\/div>\n\t\t\t\t\t<\/div>\n\t\t<\/div>\n\t\t\t\t\t<\/div>\n\t\t<\/section>\n\t\t\t\t<section class=\"elementor-section elementor-top-section elementor-element elementor-element-e4f8837 elementor-section-boxed elementor-section-height-default elementor-section-height-default wpr-particle-no wpr-jarallax-no wpr-parallax-no wpr-sticky-section-no\" data-id=\"e4f8837\" data-element_type=\"section\" data-e-type=\"section\" data-settings=\"{&quot;background_background&quot;:&quot;classic&quot;}\">\n\t\t\t\t\t\t<div class=\"elementor-container elementor-column-gap-default\">\n\t\t\t\t\t<div class=\"elementor-column elementor-col-50 elementor-top-column elementor-element elementor-element-996eb9e\" data-id=\"996eb9e\" data-element_type=\"column\" data-e-type=\"column\">\n\t\t\t<div class=\"elementor-widget-wrap elementor-element-populated\">\n\t\t\t\t\t\t<div class=\"elementor-element elementor-element-6ba7f02 elementor-widget elementor-widget-eael-adv-accordion\" data-id=\"6ba7f02\" data-element_type=\"widget\" data-e-type=\"widget\" data-widget_type=\"eael-adv-accordion.default\">\n\t\t\t\t<div class=\"elementor-widget-container\">\n\t\t\t\t\t            <div class=\"eael-adv-accordion\" id=\"eael-adv-accordion-6ba7f02\" data-scroll-on-click=\"no\" data-scroll-speed=\"300\" data-accordion-id=\"6ba7f02\" data-accordion-type=\"accordion\" data-toogle-speed=\"300\">\n            <div class=\"eael-accordion-list\">\n\t\t\t\t\t<div id=\"19-de-mayo-1967\" class=\"elementor-tab-title eael-accordion-header\" tabindex=\"0\" data-tab=\"1\" aria-controls=\"elementor-tab-content-1121\"><span class=\"eael-advanced-accordion-icon-closed\"><svg aria-hidden=\"true\" class=\"fa-accordion-icon e-font-icon-svg e-fas-plus\" viewbox=\"0 0 448 512\" xmlns=\"http:\/\/www.w3.org\/2000\/svg\"><path d=\"M416 208H272V64c0-17.67-14.33-32-32-32h-32c-17.67 0-32 14.33-32 32v144H32c-17.67 0-32 14.33-32 32v32c0 17.67 14.33 32 32 32h144v144c0 17.67 14.33 32 32 32h32c17.67 0 32-14.33 32-32V304h144c17.67 0 32-14.33 32-32v-32c0-17.67-14.33-32-32-32z\"><\/path><\/svg><\/span><span class=\"eael-advanced-accordion-icon-opened\"><svg aria-hidden=\"true\" class=\"fa-accordion-icon e-font-icon-svg e-fas-minus\" viewbox=\"0 0 448 512\" xmlns=\"http:\/\/www.w3.org\/2000\/svg\"><path d=\"M416 208H32c-17.67 0-32 14.33-32 32v32c0 17.67 14.33 32 32 32h384c17.67 0 32-14.33 32-32v-32c0-17.67-14.33-32-32-32z\"><\/path><\/svg><\/span><span class=\"eael-accordion-tab-title\">19 mai 1967<\/span><svg aria-hidden=\"true\" class=\"fa-toggle e-font-icon-svg e-fas-angle-right\" viewbox=\"0 0 256 512\" xmlns=\"http:\/\/www.w3.org\/2000\/svg\"><path d=\"M224.3 273l-136 136c-9.4 9.4-24.6 9.4-33.9 0l-22.6-22.6c-9.4-9.4-9.4-24.6 0-33.9l96.4-96.4-96.4-96.4c-9.4-9.4-9.4-24.6 0-33.9L54.3 103c9.4-9.4 24.6-9.4 33.9 0l136 136c9.5 9.4 9.5 24.6.1 34z\"><\/path><\/svg><\/div><div id=\"elementor-tab-content-1121\" class=\"eael-accordion-content clearfix\" data-tab=\"1\" aria-labelledby=\"19-de-mayo-1967\"><p>Naissance \u00e0 Buenaventura, Colombie.<\/p><\/div>\n\t\t\t\t\t<\/div><div class=\"eael-accordion-list\">\n\t\t\t\t\t<div id=\"1988\" class=\"elementor-tab-title eael-accordion-header\" tabindex=\"0\" data-tab=\"2\" aria-controls=\"elementor-tab-content-1122\"><span class=\"eael-advanced-accordion-icon-closed\"><svg aria-hidden=\"true\" class=\"fa-accordion-icon e-font-icon-svg e-fas-plus\" viewbox=\"0 0 448 512\" xmlns=\"http:\/\/www.w3.org\/2000\/svg\"><path d=\"M416 208H272V64c0-17.67-14.33-32-32-32h-32c-17.67 0-32 14.33-32 32v144H32c-17.67 0-32 14.33-32 32v32c0 17.67 14.33 32 32 32h144v144c0 17.67 14.33 32 32 32h32c17.67 0 32-14.33 32-32V304h144c17.67 0 32-14.33 32-32v-32c0-17.67-14.33-32-32-32z\"><\/path><\/svg><\/span><span class=\"eael-advanced-accordion-icon-opened\"><svg aria-hidden=\"true\" class=\"fa-accordion-icon e-font-icon-svg e-fas-minus\" viewbox=\"0 0 448 512\" xmlns=\"http:\/\/www.w3.org\/2000\/svg\"><path d=\"M416 208H32c-17.67 0-32 14.33-32 32v32c0 17.67 14.33 32 32 32h384c17.67 0 32-14.33 32-32v-32c0-17.67-14.33-32-32-32z\"><\/path><\/svg><\/span><span class=\"eael-accordion-tab-title\">1988<\/span><svg aria-hidden=\"true\" class=\"fa-toggle e-font-icon-svg e-fas-angle-right\" viewbox=\"0 0 256 512\" xmlns=\"http:\/\/www.w3.org\/2000\/svg\"><path d=\"M224.3 273l-136 136c-9.4 9.4-24.6 9.4-33.9 0l-22.6-22.6c-9.4-9.4-9.4-24.6 0-33.9l96.4-96.4-96.4-96.4c-9.4-9.4-9.4-24.6 0-33.9L54.3 103c9.4-9.4 24.6-9.4 33.9 0l136 136c9.5 9.4 9.5 24.6.1 34z\"><\/path><\/svg><\/div><div id=\"elementor-tab-content-1122\" class=\"eael-accordion-content clearfix\" data-tab=\"2\" aria-labelledby=\"1988\"><p>Arriv\u00e9e \u00e0 Paris. Voyages en France et en Europe.<\/p><\/div>\n\t\t\t\t\t<\/div><div class=\"eael-accordion-list\">\n\t\t\t\t\t<div id=\"1991-1993\" class=\"elementor-tab-title eael-accordion-header\" tabindex=\"0\" data-tab=\"3\" aria-controls=\"elementor-tab-content-1123\"><span class=\"eael-advanced-accordion-icon-closed\"><svg aria-hidden=\"true\" class=\"fa-accordion-icon e-font-icon-svg e-fas-plus\" viewbox=\"0 0 448 512\" xmlns=\"http:\/\/www.w3.org\/2000\/svg\"><path d=\"M416 208H272V64c0-17.67-14.33-32-32-32h-32c-17.67 0-32 14.33-32 32v144H32c-17.67 0-32 14.33-32 32v32c0 17.67 14.33 32 32 32h144v144c0 17.67 14.33 32 32 32h32c17.67 0 32-14.33 32-32V304h144c17.67 0 32-14.33 32-32v-32c0-17.67-14.33-32-32-32z\"><\/path><\/svg><\/span><span class=\"eael-advanced-accordion-icon-opened\"><svg aria-hidden=\"true\" class=\"fa-accordion-icon e-font-icon-svg e-fas-minus\" viewbox=\"0 0 448 512\" xmlns=\"http:\/\/www.w3.org\/2000\/svg\"><path d=\"M416 208H32c-17.67 0-32 14.33-32 32v32c0 17.67 14.33 32 32 32h384c17.67 0 32-14.33 32-32v-32c0-17.67-14.33-32-32-32z\"><\/path><\/svg><\/span><span class=\"eael-accordion-tab-title\">1991 \u2013 1993<\/span><svg aria-hidden=\"true\" class=\"fa-toggle e-font-icon-svg e-fas-angle-right\" viewbox=\"0 0 256 512\" xmlns=\"http:\/\/www.w3.org\/2000\/svg\"><path d=\"M224.3 273l-136 136c-9.4 9.4-24.6 9.4-33.9 0l-22.6-22.6c-9.4-9.4-9.4-24.6 0-33.9l96.4-96.4-96.4-96.4c-9.4-9.4-9.4-24.6 0-33.9L54.3 103c9.4-9.4 24.6-9.4 33.9 0l136 136c9.5 9.4 9.5 24.6.1 34z\"><\/path><\/svg><\/div><div id=\"elementor-tab-content-1123\" class=\"eael-accordion-content clearfix\" data-tab=\"3\" aria-labelledby=\"1991-1993\"><p>Etudes des sciences \u00e9conomiques \u00e0 l\u2019universit\u00e9 de Paris \u00e0 Nanterre. D\u00e9but des concerts dans le m\u00e9tro parisien. Rencontre avec des formations musicales latinos. Cours de chant avec Rafael Ruiz et cours de percussions avec Sergio Barreto.<\/p><\/div>\n\t\t\t\t\t<\/div><div class=\"eael-accordion-list\">\n\t\t\t\t\t<div id=\"1995\" class=\"elementor-tab-title eael-accordion-header\" tabindex=\"0\" data-tab=\"4\" aria-controls=\"elementor-tab-content-1124\"><span class=\"eael-advanced-accordion-icon-closed\"><svg aria-hidden=\"true\" class=\"fa-accordion-icon e-font-icon-svg e-fas-plus\" viewbox=\"0 0 448 512\" xmlns=\"http:\/\/www.w3.org\/2000\/svg\"><path d=\"M416 208H272V64c0-17.67-14.33-32-32-32h-32c-17.67 0-32 14.33-32 32v144H32c-17.67 0-32 14.33-32 32v32c0 17.67 14.33 32 32 32h144v144c0 17.67 14.33 32 32 32h32c17.67 0 32-14.33 32-32V304h144c17.67 0 32-14.33 32-32v-32c0-17.67-14.33-32-32-32z\"><\/path><\/svg><\/span><span class=\"eael-advanced-accordion-icon-opened\"><svg aria-hidden=\"true\" class=\"fa-accordion-icon e-font-icon-svg e-fas-minus\" viewbox=\"0 0 448 512\" xmlns=\"http:\/\/www.w3.org\/2000\/svg\"><path d=\"M416 208H32c-17.67 0-32 14.33-32 32v32c0 17.67 14.33 32 32 32h384c17.67 0 32-14.33 32-32v-32c0-17.67-14.33-32-32-32z\"><\/path><\/svg><\/span><span class=\"eael-accordion-tab-title\">1995<\/span><svg aria-hidden=\"true\" class=\"fa-toggle e-font-icon-svg e-fas-angle-right\" viewbox=\"0 0 256 512\" xmlns=\"http:\/\/www.w3.org\/2000\/svg\"><path d=\"M224.3 273l-136 136c-9.4 9.4-24.6 9.4-33.9 0l-22.6-22.6c-9.4-9.4-9.4-24.6 0-33.9l96.4-96.4-96.4-96.4c-9.4-9.4-9.4-24.6 0-33.9L54.3 103c9.4-9.4 24.6-9.4 33.9 0l136 136c9.5 9.4 9.5 24.6.1 34z\"><\/path><\/svg><\/div><div id=\"elementor-tab-content-1124\" class=\"eael-accordion-content clearfix\" data-tab=\"4\" aria-labelledby=\"1995\"><p>Premier album \u00ab Herencia Africana \u00bb enregistr\u00e9 en Colombie. Sortie sous le label Mercury \/ Universal Music Re\u00e7ois sont premier disque d\u2019or.<\/p><\/div>\n\t\t\t\t\t<\/div><div class=\"eael-accordion-list\">\n\t\t\t\t\t<div id=\"2000\" class=\"elementor-tab-title eael-accordion-header\" tabindex=\"0\" data-tab=\"5\" aria-controls=\"elementor-tab-content-1125\"><span class=\"eael-advanced-accordion-icon-closed\"><svg aria-hidden=\"true\" class=\"fa-accordion-icon e-font-icon-svg e-fas-plus\" viewbox=\"0 0 448 512\" xmlns=\"http:\/\/www.w3.org\/2000\/svg\"><path d=\"M416 208H272V64c0-17.67-14.33-32-32-32h-32c-17.67 0-32 14.33-32 32v144H32c-17.67 0-32 14.33-32 32v32c0 17.67 14.33 32 32 32h144v144c0 17.67 14.33 32 32 32h32c17.67 0 32-14.33 32-32V304h144c17.67 0 32-14.33 32-32v-32c0-17.67-14.33-32-32-32z\"><\/path><\/svg><\/span><span class=\"eael-advanced-accordion-icon-opened\"><svg aria-hidden=\"true\" class=\"fa-accordion-icon e-font-icon-svg e-fas-minus\" viewbox=\"0 0 448 512\" xmlns=\"http:\/\/www.w3.org\/2000\/svg\"><path d=\"M416 208H32c-17.67 0-32 14.33-32 32v32c0 17.67 14.33 32 32 32h384c17.67 0 32-14.33 32-32v-32c0-17.67-14.33-32-32-32z\"><\/path><\/svg><\/span><span class=\"eael-accordion-tab-title\">2000<\/span><svg aria-hidden=\"true\" class=\"fa-toggle e-font-icon-svg e-fas-angle-right\" viewbox=\"0 0 256 512\" xmlns=\"http:\/\/www.w3.org\/2000\/svg\"><path d=\"M224.3 273l-136 136c-9.4 9.4-24.6 9.4-33.9 0l-22.6-22.6c-9.4-9.4-9.4-24.6 0-33.9l96.4-96.4-96.4-96.4c-9.4-9.4-9.4-24.6 0-33.9L54.3 103c9.4-9.4 24.6-9.4 33.9 0l136 136c9.5 9.4 9.5 24.6.1 34z\"><\/path><\/svg><\/div><div id=\"elementor-tab-content-1125\" class=\"eael-accordion-content clearfix\" data-tab=\"5\" aria-labelledby=\"2000\"><p>Sortie de l\u2019album \u00ab Yo Soy \u00bb enregistr\u00e9 \u00e0 Puerto Rico au studio Tele Sound. Sortie sous le label Mercury \/ Universal Music Re\u00e7ois son deuxi\u00e8me disque d\u2019or en France.<\/p><\/div>\n\t\t\t\t\t<\/div><div class=\"eael-accordion-list\">\n\t\t\t\t\t<div id=\"2003\" class=\"elementor-tab-title eael-accordion-header\" tabindex=\"0\" data-tab=\"6\" aria-controls=\"elementor-tab-content-1126\"><span class=\"eael-advanced-accordion-icon-closed\"><svg aria-hidden=\"true\" class=\"fa-accordion-icon e-font-icon-svg e-fas-plus\" viewbox=\"0 0 448 512\" xmlns=\"http:\/\/www.w3.org\/2000\/svg\"><path d=\"M416 208H272V64c0-17.67-14.33-32-32-32h-32c-17.67 0-32 14.33-32 32v144H32c-17.67 0-32 14.33-32 32v32c0 17.67 14.33 32 32 32h144v144c0 17.67 14.33 32 32 32h32c17.67 0 32-14.33 32-32V304h144c17.67 0 32-14.33 32-32v-32c0-17.67-14.33-32-32-32z\"><\/path><\/svg><\/span><span class=\"eael-advanced-accordion-icon-opened\"><svg aria-hidden=\"true\" class=\"fa-accordion-icon e-font-icon-svg e-fas-minus\" viewbox=\"0 0 448 512\" xmlns=\"http:\/\/www.w3.org\/2000\/svg\"><path d=\"M416 208H32c-17.67 0-32 14.33-32 32v32c0 17.67 14.33 32 32 32h384c17.67 0 32-14.33 32-32v-32c0-17.67-14.33-32-32-32z\"><\/path><\/svg><\/span><span class=\"eael-accordion-tab-title\">2003<\/span><svg aria-hidden=\"true\" class=\"fa-toggle e-font-icon-svg e-fas-angle-right\" viewbox=\"0 0 256 512\" xmlns=\"http:\/\/www.w3.org\/2000\/svg\"><path d=\"M224.3 273l-136 136c-9.4 9.4-24.6 9.4-33.9 0l-22.6-22.6c-9.4-9.4-9.4-24.6 0-33.9l96.4-96.4-96.4-96.4c-9.4-9.4-9.4-24.6 0-33.9L54.3 103c9.4-9.4 24.6-9.4 33.9 0l136 136c9.5 9.4 9.5 24.6.1 34z\"><\/path><\/svg><\/div><div id=\"elementor-tab-content-1126\" class=\"eael-accordion-content clearfix\" data-tab=\"6\" aria-labelledby=\"2003\"><p>Sortie de l\u2019album \u00ab Vagabundo \u00bb enregistr\u00e9 entre Paris et Puerto Rico au studio Mas Audio. Sortie sous le label Mercury \/ Universal Music Re\u00e7ois son troisi\u00e8me disque d\u2019or.<\/p><\/div>\n\t\t\t\t\t<\/div><div class=\"eael-accordion-list\">\n\t\t\t\t\t<div id=\"2005\" class=\"elementor-tab-title eael-accordion-header\" tabindex=\"0\" data-tab=\"7\" aria-controls=\"elementor-tab-content-1127\"><span class=\"eael-advanced-accordion-icon-closed\"><svg aria-hidden=\"true\" class=\"fa-accordion-icon e-font-icon-svg e-fas-plus\" viewbox=\"0 0 448 512\" xmlns=\"http:\/\/www.w3.org\/2000\/svg\"><path d=\"M416 208H272V64c0-17.67-14.33-32-32-32h-32c-17.67 0-32 14.33-32 32v144H32c-17.67 0-32 14.33-32 32v32c0 17.67 14.33 32 32 32h144v144c0 17.67 14.33 32 32 32h32c17.67 0 32-14.33 32-32V304h144c17.67 0 32-14.33 32-32v-32c0-17.67-14.33-32-32-32z\"><\/path><\/svg><\/span><span class=\"eael-advanced-accordion-icon-opened\"><svg aria-hidden=\"true\" class=\"fa-accordion-icon e-font-icon-svg e-fas-minus\" viewbox=\"0 0 448 512\" xmlns=\"http:\/\/www.w3.org\/2000\/svg\"><path d=\"M416 208H32c-17.67 0-32 14.33-32 32v32c0 17.67 14.33 32 32 32h384c17.67 0 32-14.33 32-32v-32c0-17.67-14.33-32-32-32z\"><\/path><\/svg><\/span><span class=\"eael-accordion-tab-title\">2005<\/span><svg aria-hidden=\"true\" class=\"fa-toggle e-font-icon-svg e-fas-angle-right\" viewbox=\"0 0 256 512\" xmlns=\"http:\/\/www.w3.org\/2000\/svg\"><path d=\"M224.3 273l-136 136c-9.4 9.4-24.6 9.4-33.9 0l-22.6-22.6c-9.4-9.4-9.4-24.6 0-33.9l96.4-96.4-96.4-96.4c-9.4-9.4-9.4-24.6 0-33.9L54.3 103c9.4-9.4 24.6-9.4 33.9 0l136 136c9.5 9.4 9.5 24.6.1 34z\"><\/path><\/svg><\/div><div id=\"elementor-tab-content-1127\" class=\"eael-accordion-content clearfix\" data-tab=\"7\" aria-labelledby=\"2005\"><p>Sortie de l\u2019album \u00ab Salsa Dura \u00bb enregistr\u00e9 en Colombie Sous le label Mercury \/ Universal Music Re\u00e7ois son quatri\u00e8me disque d\u2019or.<\/p><\/div>\n\t\t\t\t\t<\/div><div class=\"eael-accordion-list\">\n\t\t\t\t\t<div id=\"2009\" class=\"elementor-tab-title eael-accordion-header\" tabindex=\"0\" data-tab=\"8\" aria-controls=\"elementor-tab-content-1128\"><span class=\"eael-advanced-accordion-icon-closed\"><svg aria-hidden=\"true\" class=\"fa-accordion-icon e-font-icon-svg e-fas-plus\" viewbox=\"0 0 448 512\" xmlns=\"http:\/\/www.w3.org\/2000\/svg\"><path d=\"M416 208H272V64c0-17.67-14.33-32-32-32h-32c-17.67 0-32 14.33-32 32v144H32c-17.67 0-32 14.33-32 32v32c0 17.67 14.33 32 32 32h144v144c0 17.67 14.33 32 32 32h32c17.67 0 32-14.33 32-32V304h144c17.67 0 32-14.33 32-32v-32c0-17.67-14.33-32-32-32z\"><\/path><\/svg><\/span><span class=\"eael-advanced-accordion-icon-opened\"><svg aria-hidden=\"true\" class=\"fa-accordion-icon e-font-icon-svg e-fas-minus\" viewbox=\"0 0 448 512\" xmlns=\"http:\/\/www.w3.org\/2000\/svg\"><path d=\"M416 208H32c-17.67 0-32 14.33-32 32v32c0 17.67 14.33 32 32 32h384c17.67 0 32-14.33 32-32v-32c0-17.67-14.33-32-32-32z\"><\/path><\/svg><\/span><span class=\"eael-accordion-tab-title\">2009<\/span><svg aria-hidden=\"true\" class=\"fa-toggle e-font-icon-svg e-fas-angle-right\" viewbox=\"0 0 256 512\" xmlns=\"http:\/\/www.w3.org\/2000\/svg\"><path d=\"M224.3 273l-136 136c-9.4 9.4-24.6 9.4-33.9 0l-22.6-22.6c-9.4-9.4-9.4-24.6 0-33.9l96.4-96.4-96.4-96.4c-9.4-9.4-9.4-24.6 0-33.9L54.3 103c9.4-9.4 24.6-9.4 33.9 0l136 136c9.5 9.4 9.5 24.6.1 34z\"><\/path><\/svg><\/div><div id=\"elementor-tab-content-1128\" class=\"eael-accordion-content clearfix\" data-tab=\"8\" aria-labelledby=\"2009\"><p>Sortie de l\u2019album \u00ab Cita Con La Luz \u00bb enregistr\u00e9 \u00e0 La Havane au studio Abdala. Sortie sous le label Mercury \/ Universal Music Re\u00e7ois son cinqui\u00e8me disque d\u2019or.<\/p><\/div>\n\t\t\t\t\t<\/div><\/div>\t\t\t\t<\/div>\n\t\t\t\t<\/div>\n\t\t\t\t\t<\/div>\n\t\t<\/div>\n\t\t\t\t<div class=\"elementor-column elementor-col-50 elementor-top-column elementor-element elementor-element-6914473 elementor-invisible\" data-id=\"6914473\" data-element_type=\"column\" data-e-type=\"column\" data-settings=\"{&quot;animation&quot;:&quot;fadeInRight&quot;}\">\n\t\t\t<div class=\"elementor-widget-wrap elementor-element-populated\">\n\t\t\t\t\t\t<div class=\"elementor-element elementor-element-b8c5eb7 elementor-widget elementor-widget-eael-adv-accordion\" data-id=\"b8c5eb7\" data-element_type=\"widget\" data-e-type=\"widget\" data-widget_type=\"eael-adv-accordion.default\">\n\t\t\t\t<div class=\"elementor-widget-container\">\n\t\t\t\t\t            <div class=\"eael-adv-accordion\" id=\"eael-adv-accordion-b8c5eb7\" data-scroll-on-click=\"no\" data-scroll-speed=\"300\" data-accordion-id=\"b8c5eb7\" data-accordion-type=\"accordion\" data-toogle-speed=\"300\">\n            <div class=\"eael-accordion-list\">\n\t\t\t\t\t<div id=\"2012\" class=\"elementor-tab-title eael-accordion-header\" tabindex=\"0\" data-tab=\"1\" aria-controls=\"elementor-tab-content-1931\"><span class=\"eael-advanced-accordion-icon-closed\"><svg aria-hidden=\"true\" class=\"fa-accordion-icon e-font-icon-svg e-fas-plus\" viewbox=\"0 0 448 512\" xmlns=\"http:\/\/www.w3.org\/2000\/svg\"><path d=\"M416 208H272V64c0-17.67-14.33-32-32-32h-32c-17.67 0-32 14.33-32 32v144H32c-17.67 0-32 14.33-32 32v32c0 17.67 14.33 32 32 32h144v144c0 17.67 14.33 32 32 32h32c17.67 0 32-14.33 32-32V304h144c17.67 0 32-14.33 32-32v-32c0-17.67-14.33-32-32-32z\"><\/path><\/svg><\/span><span class=\"eael-advanced-accordion-icon-opened\"><svg aria-hidden=\"true\" class=\"fa-accordion-icon e-font-icon-svg e-fas-minus\" viewbox=\"0 0 448 512\" xmlns=\"http:\/\/www.w3.org\/2000\/svg\"><path d=\"M416 208H32c-17.67 0-32 14.33-32 32v32c0 17.67 14.33 32 32 32h384c17.67 0 32-14.33 32-32v-32c0-17.67-14.33-32-32-32z\"><\/path><\/svg><\/span><span class=\"eael-accordion-tab-title\">2012<\/span><svg aria-hidden=\"true\" class=\"fa-toggle e-font-icon-svg e-fas-angle-right\" viewbox=\"0 0 256 512\" xmlns=\"http:\/\/www.w3.org\/2000\/svg\"><path d=\"M224.3 273l-136 136c-9.4 9.4-24.6 9.4-33.9 0l-22.6-22.6c-9.4-9.4-9.4-24.6 0-33.9l96.4-96.4-96.4-96.4c-9.4-9.4-9.4-24.6 0-33.9L54.3 103c9.4-9.4 24.6-9.4 33.9 0l136 136c9.5 9.4 9.5 24.6.1 34z\"><\/path><\/svg><\/div><div id=\"elementor-tab-content-1931\" class=\"eael-accordion-content clearfix\" data-tab=\"1\" aria-labelledby=\"2012\"><p>Un film documentaire \u00ab Buenaventura no me dejes m\u00e1s \u00bb produit par Caracol Televisi\u00f3n, retrace la vie de Yuri Buenaventura. A \u00e9tait nomin\u00e9 aux prix Emmy Awards.<\/p><\/div>\n\t\t\t\t\t<\/div><div class=\"eael-accordion-list\">\n\t\t\t\t\t<div id=\"2013\" class=\"elementor-tab-title eael-accordion-header\" tabindex=\"0\" data-tab=\"2\" aria-controls=\"elementor-tab-content-1932\"><span class=\"eael-advanced-accordion-icon-closed\"><svg aria-hidden=\"true\" class=\"fa-accordion-icon e-font-icon-svg e-fas-plus\" viewbox=\"0 0 448 512\" xmlns=\"http:\/\/www.w3.org\/2000\/svg\"><path d=\"M416 208H272V64c0-17.67-14.33-32-32-32h-32c-17.67 0-32 14.33-32 32v144H32c-17.67 0-32 14.33-32 32v32c0 17.67 14.33 32 32 32h144v144c0 17.67 14.33 32 32 32h32c17.67 0 32-14.33 32-32V304h144c17.67 0 32-14.33 32-32v-32c0-17.67-14.33-32-32-32z\"><\/path><\/svg><\/span><span class=\"eael-advanced-accordion-icon-opened\"><svg aria-hidden=\"true\" class=\"fa-accordion-icon e-font-icon-svg e-fas-minus\" viewbox=\"0 0 448 512\" xmlns=\"http:\/\/www.w3.org\/2000\/svg\"><path d=\"M416 208H32c-17.67 0-32 14.33-32 32v32c0 17.67 14.33 32 32 32h384c17.67 0 32-14.33 32-32v-32c0-17.67-14.33-32-32-32z\"><\/path><\/svg><\/span><span class=\"eael-accordion-tab-title\">2013<\/span><svg aria-hidden=\"true\" class=\"fa-toggle e-font-icon-svg e-fas-angle-right\" viewbox=\"0 0 256 512\" xmlns=\"http:\/\/www.w3.org\/2000\/svg\"><path d=\"M224.3 273l-136 136c-9.4 9.4-24.6 9.4-33.9 0l-22.6-22.6c-9.4-9.4-9.4-24.6 0-33.9l96.4-96.4-96.4-96.4c-9.4-9.4-9.4-24.6 0-33.9L54.3 103c9.4-9.4 24.6-9.4 33.9 0l136 136c9.5 9.4 9.5 24.6.1 34z\"><\/path><\/svg><\/div><div id=\"elementor-tab-content-1932\" class=\"eael-accordion-content clearfix\" data-tab=\"2\" aria-labelledby=\"2013\"><p>D\u00e9cor\u00e9 de la m\u00e9daille des arts et des lettres par la R\u00e9publique Fran\u00e7aise, re\u00e7ois le titre de Chevalier.<\/p><\/div>\n\t\t\t\t\t<\/div><div class=\"eael-accordion-list\">\n\t\t\t\t\t<div id=\"2014\" class=\"elementor-tab-title eael-accordion-header\" tabindex=\"0\" data-tab=\"3\" aria-controls=\"elementor-tab-content-1933\"><span class=\"eael-advanced-accordion-icon-closed\"><svg aria-hidden=\"true\" class=\"fa-accordion-icon e-font-icon-svg e-fas-plus\" viewbox=\"0 0 448 512\" xmlns=\"http:\/\/www.w3.org\/2000\/svg\"><path d=\"M416 208H272V64c0-17.67-14.33-32-32-32h-32c-17.67 0-32 14.33-32 32v144H32c-17.67 0-32 14.33-32 32v32c0 17.67 14.33 32 32 32h144v144c0 17.67 14.33 32 32 32h32c17.67 0 32-14.33 32-32V304h144c17.67 0 32-14.33 32-32v-32c0-17.67-14.33-32-32-32z\"><\/path><\/svg><\/span><span class=\"eael-advanced-accordion-icon-opened\"><svg aria-hidden=\"true\" class=\"fa-accordion-icon e-font-icon-svg e-fas-minus\" viewbox=\"0 0 448 512\" xmlns=\"http:\/\/www.w3.org\/2000\/svg\"><path d=\"M416 208H32c-17.67 0-32 14.33-32 32v32c0 17.67 14.33 32 32 32h384c17.67 0 32-14.33 32-32v-32c0-17.67-14.33-32-32-32z\"><\/path><\/svg><\/span><span class=\"eael-accordion-tab-title\">2014<\/span><svg aria-hidden=\"true\" class=\"fa-toggle e-font-icon-svg e-fas-angle-right\" viewbox=\"0 0 256 512\" xmlns=\"http:\/\/www.w3.org\/2000\/svg\"><path d=\"M224.3 273l-136 136c-9.4 9.4-24.6 9.4-33.9 0l-22.6-22.6c-9.4-9.4-9.4-24.6 0-33.9l96.4-96.4-96.4-96.4c-9.4-9.4-9.4-24.6 0-33.9L54.3 103c9.4-9.4 24.6-9.4 33.9 0l136 136c9.5 9.4 9.5 24.6.1 34z\"><\/path><\/svg><\/div><div id=\"elementor-tab-content-1933\" class=\"eael-accordion-content clearfix\" data-tab=\"3\" aria-labelledby=\"2014\"><p>D\u00e9cor\u00e9 de la m\u00e9daille au grand m\u00e9rite culturel de la r\u00e9publique de Colombie, avec le titre de Maestro.<\/p><\/div>\n\t\t\t\t\t<\/div><div class=\"eael-accordion-list\">\n\t\t\t\t\t<div id=\"2015\" class=\"elementor-tab-title eael-accordion-header\" tabindex=\"0\" data-tab=\"4\" aria-controls=\"elementor-tab-content-1934\"><span class=\"eael-advanced-accordion-icon-closed\"><svg aria-hidden=\"true\" class=\"fa-accordion-icon e-font-icon-svg e-fas-plus\" viewbox=\"0 0 448 512\" xmlns=\"http:\/\/www.w3.org\/2000\/svg\"><path d=\"M416 208H272V64c0-17.67-14.33-32-32-32h-32c-17.67 0-32 14.33-32 32v144H32c-17.67 0-32 14.33-32 32v32c0 17.67 14.33 32 32 32h144v144c0 17.67 14.33 32 32 32h32c17.67 0 32-14.33 32-32V304h144c17.67 0 32-14.33 32-32v-32c0-17.67-14.33-32-32-32z\"><\/path><\/svg><\/span><span class=\"eael-advanced-accordion-icon-opened\"><svg aria-hidden=\"true\" class=\"fa-accordion-icon e-font-icon-svg e-fas-minus\" viewbox=\"0 0 448 512\" xmlns=\"http:\/\/www.w3.org\/2000\/svg\"><path d=\"M416 208H32c-17.67 0-32 14.33-32 32v32c0 17.67 14.33 32 32 32h384c17.67 0 32-14.33 32-32v-32c0-17.67-14.33-32-32-32z\"><\/path><\/svg><\/span><span class=\"eael-accordion-tab-title\">2015<\/span><svg aria-hidden=\"true\" class=\"fa-toggle e-font-icon-svg e-fas-angle-right\" viewbox=\"0 0 256 512\" xmlns=\"http:\/\/www.w3.org\/2000\/svg\"><path d=\"M224.3 273l-136 136c-9.4 9.4-24.6 9.4-33.9 0l-22.6-22.6c-9.4-9.4-9.4-24.6 0-33.9l96.4-96.4-96.4-96.4c-9.4-9.4-9.4-24.6 0-33.9L54.3 103c9.4-9.4 24.6-9.4 33.9 0l136 136c9.5 9.4 9.5 24.6.1 34z\"><\/path><\/svg><\/div><div id=\"elementor-tab-content-1934\" class=\"eael-accordion-content clearfix\" data-tab=\"4\" aria-labelledby=\"2015\"><p>Cette ann\u00e9e, ses cinq albums m\u00e9ritent cinq discoth\u00e8ques d'or.<\/p><\/div>\n\t\t\t\t\t<\/div><div class=\"eael-accordion-list\">\n\t\t\t\t\t<div id=\"2017\" class=\"elementor-tab-title eael-accordion-header\" tabindex=\"0\" data-tab=\"5\" aria-controls=\"elementor-tab-content-1935\"><span class=\"eael-advanced-accordion-icon-closed\"><svg aria-hidden=\"true\" class=\"fa-accordion-icon e-font-icon-svg e-fas-plus\" viewbox=\"0 0 448 512\" xmlns=\"http:\/\/www.w3.org\/2000\/svg\"><path d=\"M416 208H272V64c0-17.67-14.33-32-32-32h-32c-17.67 0-32 14.33-32 32v144H32c-17.67 0-32 14.33-32 32v32c0 17.67 14.33 32 32 32h144v144c0 17.67 14.33 32 32 32h32c17.67 0 32-14.33 32-32V304h144c17.67 0 32-14.33 32-32v-32c0-17.67-14.33-32-32-32z\"><\/path><\/svg><\/span><span class=\"eael-advanced-accordion-icon-opened\"><svg aria-hidden=\"true\" class=\"fa-accordion-icon e-font-icon-svg e-fas-minus\" viewbox=\"0 0 448 512\" xmlns=\"http:\/\/www.w3.org\/2000\/svg\"><path d=\"M416 208H32c-17.67 0-32 14.33-32 32v32c0 17.67 14.33 32 32 32h384c17.67 0 32-14.33 32-32v-32c0-17.67-14.33-32-32-32z\"><\/path><\/svg><\/span><span class=\"eael-accordion-tab-title\">2017<\/span><svg aria-hidden=\"true\" class=\"fa-toggle e-font-icon-svg e-fas-angle-right\" viewbox=\"0 0 256 512\" xmlns=\"http:\/\/www.w3.org\/2000\/svg\"><path d=\"M224.3 273l-136 136c-9.4 9.4-24.6 9.4-33.9 0l-22.6-22.6c-9.4-9.4-9.4-24.6 0-33.9l96.4-96.4-96.4-96.4c-9.4-9.4-9.4-24.6 0-33.9L54.3 103c9.4-9.4 24.6-9.4 33.9 0l136 136c9.5 9.4 9.5 24.6.1 34z\"><\/path><\/svg><\/div><div id=\"elementor-tab-content-1935\" class=\"eael-accordion-content clearfix\" data-tab=\"5\" aria-labelledby=\"2017\"><p>Condecorado con la Medalla al Gran M\u00e9rito Cultural de la Rep\u00fablica de Colombia, con el t\u00edtulo de Maestro.<\/p><\/div>\n\t\t\t\t\t<\/div><div class=\"eael-accordion-list\">\n\t\t\t\t\t<div id=\"2018\" class=\"elementor-tab-title eael-accordion-header\" tabindex=\"0\" data-tab=\"6\" aria-controls=\"elementor-tab-content-1936\"><span class=\"eael-advanced-accordion-icon-closed\"><svg aria-hidden=\"true\" class=\"fa-accordion-icon e-font-icon-svg e-fas-plus\" viewbox=\"0 0 448 512\" xmlns=\"http:\/\/www.w3.org\/2000\/svg\"><path d=\"M416 208H272V64c0-17.67-14.33-32-32-32h-32c-17.67 0-32 14.33-32 32v144H32c-17.67 0-32 14.33-32 32v32c0 17.67 14.33 32 32 32h144v144c0 17.67 14.33 32 32 32h32c17.67 0 32-14.33 32-32V304h144c17.67 0 32-14.33 32-32v-32c0-17.67-14.33-32-32-32z\"><\/path><\/svg><\/span><span class=\"eael-advanced-accordion-icon-opened\"><svg aria-hidden=\"true\" class=\"fa-accordion-icon e-font-icon-svg e-fas-minus\" viewbox=\"0 0 448 512\" xmlns=\"http:\/\/www.w3.org\/2000\/svg\"><path d=\"M416 208H32c-17.67 0-32 14.33-32 32v32c0 17.67 14.33 32 32 32h384c17.67 0 32-14.33 32-32v-32c0-17.67-14.33-32-32-32z\"><\/path><\/svg><\/span><span class=\"eael-accordion-tab-title\">2018<\/span><svg aria-hidden=\"true\" class=\"fa-toggle e-font-icon-svg e-fas-angle-right\" viewbox=\"0 0 256 512\" xmlns=\"http:\/\/www.w3.org\/2000\/svg\"><path d=\"M224.3 273l-136 136c-9.4 9.4-24.6 9.4-33.9 0l-22.6-22.6c-9.4-9.4-9.4-24.6 0-33.9l96.4-96.4-96.4-96.4c-9.4-9.4-9.4-24.6 0-33.9L54.3 103c9.4-9.4 24.6-9.4 33.9 0l136 136c9.5 9.4 9.5 24.6.1 34z\"><\/path><\/svg><\/div><div id=\"elementor-tab-content-1936\" class=\"eael-accordion-content clearfix\" data-tab=\"6\" aria-labelledby=\"2018\"><p>Sortie de l'album \"Manigua\" avec l\u2019orchestre symphonique national de Colombie.<\/p><\/div>\n\t\t\t\t\t<\/div><div class=\"eael-accordion-list\">\n\t\t\t\t\t<div id=\"2019\" class=\"elementor-tab-title eael-accordion-header\" tabindex=\"0\" data-tab=\"7\" aria-controls=\"elementor-tab-content-1937\"><span class=\"eael-advanced-accordion-icon-closed\"><svg aria-hidden=\"true\" class=\"fa-accordion-icon e-font-icon-svg e-fas-plus\" viewbox=\"0 0 448 512\" xmlns=\"http:\/\/www.w3.org\/2000\/svg\"><path d=\"M416 208H272V64c0-17.67-14.33-32-32-32h-32c-17.67 0-32 14.33-32 32v144H32c-17.67 0-32 14.33-32 32v32c0 17.67 14.33 32 32 32h144v144c0 17.67 14.33 32 32 32h32c17.67 0 32-14.33 32-32V304h144c17.67 0 32-14.33 32-32v-32c0-17.67-14.33-32-32-32z\"><\/path><\/svg><\/span><span class=\"eael-advanced-accordion-icon-opened\"><svg aria-hidden=\"true\" class=\"fa-accordion-icon e-font-icon-svg e-fas-minus\" viewbox=\"0 0 448 512\" xmlns=\"http:\/\/www.w3.org\/2000\/svg\"><path d=\"M416 208H32c-17.67 0-32 14.33-32 32v32c0 17.67 14.33 32 32 32h384c17.67 0 32-14.33 32-32v-32c0-17.67-14.33-32-32-32z\"><\/path><\/svg><\/span><span class=\"eael-accordion-tab-title\">2019<\/span><svg aria-hidden=\"true\" class=\"fa-toggle e-font-icon-svg e-fas-angle-right\" viewbox=\"0 0 256 512\" xmlns=\"http:\/\/www.w3.org\/2000\/svg\"><path d=\"M224.3 273l-136 136c-9.4 9.4-24.6 9.4-33.9 0l-22.6-22.6c-9.4-9.4-9.4-24.6 0-33.9l96.4-96.4-96.4-96.4c-9.4-9.4-9.4-24.6 0-33.9L54.3 103c9.4-9.4 24.6-9.4 33.9 0l136 136c9.5 9.4 9.5 24.6.1 34z\"><\/path><\/svg><\/div><div id=\"elementor-tab-content-1937\" class=\"eael-accordion-content clearfix\" data-tab=\"7\" aria-labelledby=\"2019\"><p>Cr\u00e9e sa fondation Yuri Buenaventura, produit 120 albums pour artistes \u00e9mergent de la Colombie.<\/p><\/div>\n\t\t\t\t\t<\/div><div class=\"eael-accordion-list\">\n\t\t\t\t\t<div id=\"2022\" class=\"elementor-tab-title eael-accordion-header\" tabindex=\"0\" data-tab=\"8\" aria-controls=\"elementor-tab-content-1938\"><span class=\"eael-advanced-accordion-icon-closed\"><svg aria-hidden=\"true\" class=\"fa-accordion-icon e-font-icon-svg e-fas-plus\" viewbox=\"0 0 448 512\" xmlns=\"http:\/\/www.w3.org\/2000\/svg\"><path d=\"M416 208H272V64c0-17.67-14.33-32-32-32h-32c-17.67 0-32 14.33-32 32v144H32c-17.67 0-32 14.33-32 32v32c0 17.67 14.33 32 32 32h144v144c0 17.67 14.33 32 32 32h32c17.67 0 32-14.33 32-32V304h144c17.67 0 32-14.33 32-32v-32c0-17.67-14.33-32-32-32z\"><\/path><\/svg><\/span><span class=\"eael-advanced-accordion-icon-opened\"><svg aria-hidden=\"true\" class=\"fa-accordion-icon e-font-icon-svg e-fas-minus\" viewbox=\"0 0 448 512\" xmlns=\"http:\/\/www.w3.org\/2000\/svg\"><path d=\"M416 208H32c-17.67 0-32 14.33-32 32v32c0 17.67 14.33 32 32 32h384c17.67 0 32-14.33 32-32v-32c0-17.67-14.33-32-32-32z\"><\/path><\/svg><\/span><span class=\"eael-accordion-tab-title\">2022<\/span><svg aria-hidden=\"true\" class=\"fa-toggle e-font-icon-svg e-fas-angle-right\" viewbox=\"0 0 256 512\" xmlns=\"http:\/\/www.w3.org\/2000\/svg\"><path d=\"M224.3 273l-136 136c-9.4 9.4-24.6 9.4-33.9 0l-22.6-22.6c-9.4-9.4-9.4-24.6 0-33.9l96.4-96.4-96.4-96.4c-9.4-9.4-9.4-24.6 0-33.9L54.3 103c9.4-9.4 24.6-9.4 33.9 0l136 136c9.5 9.4 9.5 24.6.1 34z\"><\/path><\/svg><\/div><div id=\"elementor-tab-content-1938\" class=\"eael-accordion-content clearfix\" data-tab=\"8\" aria-labelledby=\"2022\"><p>Sortie de l\u2019album \u00ab Historia de un Amor \u00bb enregistr\u00e9 \u00e0 Paris.<\/p><\/div>\n\t\t\t\t\t<\/div><div class=\"eael-accordion-list\">\n\t\t\t\t\t<div id=\"2024\" class=\"elementor-tab-title eael-accordion-header\" tabindex=\"0\" data-tab=\"9\" aria-controls=\"elementor-tab-content-1939\"><span class=\"eael-advanced-accordion-icon-closed\"><svg aria-hidden=\"true\" class=\"fa-accordion-icon e-font-icon-svg e-fas-plus\" viewbox=\"0 0 448 512\" xmlns=\"http:\/\/www.w3.org\/2000\/svg\"><path d=\"M416 208H272V64c0-17.67-14.33-32-32-32h-32c-17.67 0-32 14.33-32 32v144H32c-17.67 0-32 14.33-32 32v32c0 17.67 14.33 32 32 32h144v144c0 17.67 14.33 32 32 32h32c17.67 0 32-14.33 32-32V304h144c17.67 0 32-14.33 32-32v-32c0-17.67-14.33-32-32-32z\"><\/path><\/svg><\/span><span class=\"eael-advanced-accordion-icon-opened\"><svg aria-hidden=\"true\" class=\"fa-accordion-icon e-font-icon-svg e-fas-minus\" viewbox=\"0 0 448 512\" xmlns=\"http:\/\/www.w3.org\/2000\/svg\"><path d=\"M416 208H32c-17.67 0-32 14.33-32 32v32c0 17.67 14.33 32 32 32h384c17.67 0 32-14.33 32-32v-32c0-17.67-14.33-32-32-32z\"><\/path><\/svg><\/span><span class=\"eael-accordion-tab-title\">2024<\/span><svg aria-hidden=\"true\" class=\"fa-toggle e-font-icon-svg e-fas-angle-right\" viewbox=\"0 0 256 512\" xmlns=\"http:\/\/www.w3.org\/2000\/svg\"><path d=\"M224.3 273l-136 136c-9.4 9.4-24.6 9.4-33.9 0l-22.6-22.6c-9.4-9.4-9.4-24.6 0-33.9l96.4-96.4-96.4-96.4c-9.4-9.4-9.4-24.6 0-33.9L54.3 103c9.4-9.4 24.6-9.4 33.9 0l136 136c9.5 9.4 9.5 24.6.1 34z\"><\/path><\/svg><\/div><div id=\"elementor-tab-content-1939\" class=\"eael-accordion-content clearfix\" data-tab=\"9\" aria-labelledby=\"2024\"><p>Lanzamiento \u00c1lbum \u00c1mame<\/p><\/div>\n\t\t\t\t\t<\/div><\/div>\t\t\t\t<\/div>\n\t\t\t\t<\/div>\n\t\t\t\t\t<\/div>\n\t\t<\/div>\n\t\t\t\t\t<\/div>\n\t\t<\/section>\n\t\t\t\t<\/div>","protected":false},"excerpt":{"rendered":"<p>BIOGRAFIA Yuri Buenaventura Enfant, Yuri est berc\u00e9 par la musique europ\u00e9enne, par les percussions, le marimba et les chants africains qui r\u00e9sonnent sur les plages de son \u00eele natale, Buenaventura. Son \u0153uvre, marqu\u00e9e par cette polarit\u00e9 entre le lyrisme de l\u2019Europe et les tambours de l\u2019Afrique, est \u00e9galement marqu\u00e9e par l\u2019esprit noir qui l\u2019entoure. En fait, leurs parents ont abrit\u00e9 leur union dans la terre de refuge des marrons. Cela explique pourquoi il se sent si profond\u00e9ment noir. De la musique noire, Yuri per\u00e7oit l\u2019angoisse, mais une angoisse sublim\u00e9e, exprim\u00e9e avec beaucoup d\u2019amour et de respect pour l\u2019humanit\u00e9. Il ne manquera pas d\u2019inviter ses contemporains \u00e0 \u00e9couter cet amour, transmettant ainsi la force de l\u2019h\u00e9ritage africain. La salsa de l\u2019artiste se nourrit de ses d\u00e9couvertes et rencontres musicales : Paco de Lucia, James Brown, Louis Armstrong, Sammy Davis Jr, Nina Simone, Bob Marley\u2026 Avec eux, il comprend que ses propres valeurs vibrent au-del\u00e0 de sa terre. Par cons\u00e9quent, il se sent connect\u00e9 \u00e0 des milliers d\u2019\u00eatres et de sons, \u00e0 la fois avec les Africains et avec les Noirs am\u00e9ricains, avec la musique espagnole, slave et nord-africaine. Il obtient de lui une libert\u00e9 cr\u00e9ative qui le pousse \u00e0 explorer l\u2019universalit\u00e9 des instruments. Plus encore, il passe sa musique devant l\u2019Autre, s\u2019adressant \u00e0 l\u2019humanit\u00e9 qui bat en chacun. La m\u00fasica de Yuri Buenaventura viaja por el planeta, llev\u00e1ndolo de continente en continente. Sus innumerables viajes lo abren al mundo. As\u00ed su alb\u00fam Vagabundo nos trae sonidos de la World Music, mostrando la diversidad humana que ha observado durante sus giras internacionales. Pero esta multitud de conciertos tambi\u00e9n lo aleja de su familia, de su isla y de los or\u00edgenes mismos de su m\u00fasica. Entonces vuelve a la fuente en Salsa dura. Se retira a su orquesta, buscando en sus doce m\u00fasicos la fuerza que le permita escapar de la agon\u00eda de la industria musical. De ah\u00ed nace Cita con la luz, su encuentro con la luz. En este manifiesto espiritual, Yuri Buenaventura da voz a su interioridad y su individualidad por primera vez. Luego de quince a\u00f1os de carrera, el cantante vuelve a recargar pilas junto a su familia en Colombia. All\u00ed se dedic\u00f3 a promover la cultura de su pa\u00eds y se involucr\u00f3 en acciones sociales dirigidas a la ni\u00f1ez creando una fundaci\u00f3n. Despu\u00e9s de veinte a\u00f1os de carrera, la honestidad del artista est\u00e1 intacta y su m\u00fasica sigue fuertemente inspirada por el movimiento afro caribe\u00f1o. En 2015, Yuri Buenaventura sublima su regreso al disco con Paroles, un homenaje a Francia, su pa\u00eds de adopci\u00f3n. All\u00ed adapta con su orquesta de salsa las m\u00e1s bellas canciones de la herencia francesa (Aznavour, Brassens, Ferr\u00e9, Brel, Nougaro, Moustaki,\u2026). Paroles es una colecci\u00f3n de canciones, que re\u00fane diferentes \u00e9pocas y pensamientos, que Yuri Buenaventura quiso asociar con la m\u00fasica y los ritmos que le son queridos: Salsa, Mambo, Cha-cha-cha\u2026 Las canciones de este disco no son versiones, son adaptaciones que unen las dos culturas, francesa y latina, legitimadas por la experiencia de Yuri Buenaventura, figura destacada de la salsa y amante de Francia. Ese mestizaje cultural, que Yuri Buenaventura plantea y defiende una vez m\u00e1s en este disco, le es precioso. \u00a0 Fechas Clave 19 de mayo 1967 Nace en Buenaventura, Colombia. 1988 Viaja en Francia y Europa. Llega a Par\u00eds 1991 \u2013 1993 Comienza a estudiar ciencias econ\u00f3micas en la Universidad de Par\u00eds en Nanterre. Al mismo tiempo comienza a dar conciertos en el metro de Par\u00eds. Encuentro con otros grupos musicales latinos. Asiste a clases de canto con Rafael Ruiz y clases de percusi\u00f3n con Sergio Barreto. 1995 Primer disco \u201cHerencia Africana\u201d grabado en Colombia.Publicado bajo el sello Mercury \/ Universal Music Francia. Recibe su primer disco de oro. 2000 Lanzamiento del disco \u00abYo Soy\u00bb grabado en Puerto Rico en los estudios Tele Sound. Publicado bajo el sello Mercury \/ Universal Music Francia. Recibe su segundo disco de oro en Francia. 2003 Lanzamiento del disco \u00abVagabundo\u00bb grabado entre Par\u00eds y Puerto Rico en los estudios Mas Audio. Publicado bajo el sello Mercury \/ Universal Music Francia. Recibe su tercer disco de oro. 2005 Lanzamiento del disco \u201cSalsa Dura\u201d grabado en Colombia. Publicado bajo el sello Mercury\/Universal Music Francia. Recibe su cuarto disco de oro 2009 Lanzamiento del disco \u00abCita Con La Luz\u00bb grabado en La Habana en el estudio Abdala. Publicado bajo el sello Mercury \/ Universal Music Francia. Recibe su quinto disco de oro. 2012 Una pel\u00edcula documental \u00abBuenaventura no me dejes m\u00e1s\u00bb producida por Caracol Televisi\u00f3n, sobre la historia musical de Yuri Buenaventura. Fue nominado a los premios Emmy Awards 2013 Condecorado con la medalla de las artes y las letras por la Rep\u00fablica Francesa, recibe el t\u00edtulo de Caballero. 2014 Lanzamiento del disco \u201cParoles\u201d grabado en Cali, Colombia y mezclado en Francia Publicado en Sony Music Francia. 2015 Es este a\u00f1o, sus cinco \u00e1lbums le ameritaron cinco discos de oro. 2017 Condecorado con la Medalla al Gran M\u00e9rito Cultural de la Rep\u00fablica de Colombia, con el t\u00edtulo de Maestro. 2018 Lanzamiento del disco \u00abManigua\u00bb con la Orquesta Sinf\u00f3nica Nacional de Colombia. 2019 Crea su Fundaci\u00f3n Yuri Buenaventura, produce 120 discos para artistas emergentes de Colombia. 2022 Lanzamiento del disco \u201cHistoria de un Amor\u201d grabado en Par\u00eds 2024 Lanzamiento \u00c1lbum \u00c1mame<\/p>","protected":false},"author":1,"featured_media":0,"parent":0,"menu_order":0,"comment_status":"closed","ping_status":"closed","template":"elementor_header_footer","meta":{"footnotes":""},"class_list":["post-666","page","type-page","status-publish","hentry"],"_links":{"self":[{"href":"https:\/\/www.yuribuenaventuraoficial.com\/fr\/wp-json\/wp\/v2\/pages\/666","targetHints":{"allow":["GET"]}}],"collection":[{"href":"https:\/\/www.yuribuenaventuraoficial.com\/fr\/wp-json\/wp\/v2\/pages"}],"about":[{"href":"https:\/\/www.yuribuenaventuraoficial.com\/fr\/wp-json\/wp\/v2\/types\/page"}],"author":[{"embeddable":true,"href":"https:\/\/www.yuribuenaventuraoficial.com\/fr\/wp-json\/wp\/v2\/users\/1"}],"replies":[{"embeddable":true,"href":"https:\/\/www.yuribuenaventuraoficial.com\/fr\/wp-json\/wp\/v2\/comments?post=666"}],"version-history":[{"count":16,"href":"https:\/\/www.yuribuenaventuraoficial.com\/fr\/wp-json\/wp\/v2\/pages\/666\/revisions"}],"predecessor-version":[{"id":996,"href":"https:\/\/www.yuribuenaventuraoficial.com\/fr\/wp-json\/wp\/v2\/pages\/666\/revisions\/996"}],"wp:attachment":[{"href":"https:\/\/www.yuribuenaventuraoficial.com\/fr\/wp-json\/wp\/v2\/media?parent=666"}],"curies":[{"name":"wp","href":"https:\/\/api.w.org\/{rel}","templated":true}]}}